{"version":"1.0","provider_name":"Activa Costa Blanca","provider_url":"https:\/\/activacostablanca.com\/fr\/","author_name":"Activa Costablanca","author_url":"https:\/\/activacostablanca.com\/fr\/author\/activa_cb\/","title":"F\u00caTE DES MAURES ET CHR\u00c9TIENS 2018. MORAIRA - Activa Costa Blanca","type":"rich","width":600,"height":338,"html":"<blockquote class=\"wp-embedded-content\" data-secret=\"LRmc06cjhY\"><a href=\"https:\/\/activacostablanca.com\/fr\/non-classifiee\/fete-des-maures-et-chretiens-2018-moraira\/\">F\u00caTE DES MAURES ET CHR\u00c9TIENS 2018. MORAIRA<\/a><\/blockquote><iframe sandbox=\"allow-scripts\" security=\"restricted\" src=\"https:\/\/activacostablanca.com\/fr\/non-classifiee\/fete-des-maures-et-chretiens-2018-moraira\/embed\/#?secret=LRmc06cjhY\" width=\"600\" height=\"338\" title=\"\u00ab\u00a0F\u00caTE DES MAURES ET CHR\u00c9TIENS 2018. MORAIRA\u00a0\u00bb &#8212; Activa Costa Blanca\" data-secret=\"LRmc06cjhY\" frameborder=\"0\" marginwidth=\"0\" marginheight=\"0\" scrolling=\"no\" class=\"wp-embedded-content\"><\/iframe><script type=\"text\/javascript\">\n\/* <![CDATA[ *\/\n\/*! This file is auto-generated *\/\n!function(d,l){\"use strict\";l.querySelector&&d.addEventListener&&\"undefined\"!=typeof URL&&(d.wp=d.wp||{},d.wp.receiveEmbedMessage||(d.wp.receiveEmbedMessage=function(e){var t=e.data;if((t||t.secret||t.message||t.value)&&!\/[^a-zA-Z0-9]\/.test(t.secret)){for(var s,r,n,a=l.querySelectorAll('iframe[data-secret=\"'+t.secret+'\"]'),o=l.querySelectorAll('blockquote[data-secret=\"'+t.secret+'\"]'),c=new RegExp(\"^https?:$\",\"i\"),i=0;i<o.length;i++)o[i].style.display=\"none\";for(i=0;i<a.length;i++)s=a[i],e.source===s.contentWindow&&(s.removeAttribute(\"style\"),\"height\"===t.message?(1e3<(r=parseInt(t.value,10))?r=1e3:~~r<200&&(r=200),s.height=r):\"link\"===t.message&&(r=new URL(s.getAttribute(\"src\")),n=new URL(t.value),c.test(n.protocol))&&n.host===r.host&&l.activeElement===s&&(d.top.location.href=t.value))}},d.addEventListener(\"message\",d.wp.receiveEmbedMessage,!1),l.addEventListener(\"DOMContentLoaded\",function(){for(var e,t,s=l.querySelectorAll(\"iframe.wp-embedded-content\"),r=0;r<s.length;r++)(t=(e=s[r]).getAttribute(\"data-secret\"))||(t=Math.random().toString(36).substring(2,12),e.src+=\"#?secret=\"+t,e.setAttribute(\"data-secret\",t)),e.contentWindow.postMessage({message:\"ready\",secret:t},\"*\")},!1)))}(window,document);\n\/* ]]> *\/\n<\/script>\n","thumbnail_url":"https:\/\/activacostablanca.com\/wp-content\/uploads\/2019\/05\/mros-moraira.jpg","thumbnail_width":545,"thumbnail_height":854,"description":"&nbsp; Du 8 au 17 Juin PROGRAMME Vendredi 8 Juin 19.30h\u00a0Inauguration du March\u00e9 M\u00e9di\u00e9val\u00a0 \u201cAndalus\u00ed\u201d. 20.30h\u00a0Musique avec Bande Hollandaise \u00e0 l\u2019esplanade du Ch\u00e2teau. 22.00h\u00a0D\u00e9fil\u00e9 du \u201cCrieur\u201d des f\u00eates dans les rues de la localit\u00e9, accompagn\u00e9 du groupe musical de Tambours la Mediterr\u00e0nia de Moraira et charanga Toca\u2019t un ou. 22.30h. Discours d\u2019inauguration des F\u00eates avec [&hellip;]"}