{"version":"1.0","provider_name":"Activa Costa Blanca","provider_url":"https:\/\/activacostablanca.com\/fr\/","author_name":"Activa Costablanca","author_url":"https:\/\/activacostablanca.com\/fr\/author\/activa_cb\/","title":"Semaine de P\u00e2ques \u00e0 Calpe - Activa Costa Blanca","type":"rich","width":600,"height":338,"html":"<blockquote class=\"wp-embedded-content\" data-secret=\"SSpgrLXjKu\"><a href=\"https:\/\/activacostablanca.com\/fr\/evenementsfiestas\/semaine-de-paques-a-calpe\/\">Semaine de P\u00e2ques \u00e0 Calpe<\/a><\/blockquote><iframe sandbox=\"allow-scripts\" security=\"restricted\" src=\"https:\/\/activacostablanca.com\/fr\/evenementsfiestas\/semaine-de-paques-a-calpe\/embed\/#?secret=SSpgrLXjKu\" width=\"600\" height=\"338\" title=\"\u00ab\u00a0Semaine de P\u00e2ques \u00e0 Calpe\u00a0\u00bb &#8212; Activa Costa Blanca\" data-secret=\"SSpgrLXjKu\" frameborder=\"0\" marginwidth=\"0\" marginheight=\"0\" scrolling=\"no\" class=\"wp-embedded-content\"><\/iframe><script type=\"text\/javascript\">\n\/* <![CDATA[ *\/\n\/*! This file is auto-generated *\/\n!function(d,l){\"use strict\";l.querySelector&&d.addEventListener&&\"undefined\"!=typeof URL&&(d.wp=d.wp||{},d.wp.receiveEmbedMessage||(d.wp.receiveEmbedMessage=function(e){var t=e.data;if((t||t.secret||t.message||t.value)&&!\/[^a-zA-Z0-9]\/.test(t.secret)){for(var s,r,n,a=l.querySelectorAll('iframe[data-secret=\"'+t.secret+'\"]'),o=l.querySelectorAll('blockquote[data-secret=\"'+t.secret+'\"]'),c=new RegExp(\"^https?:$\",\"i\"),i=0;i<o.length;i++)o[i].style.display=\"none\";for(i=0;i<a.length;i++)s=a[i],e.source===s.contentWindow&&(s.removeAttribute(\"style\"),\"height\"===t.message?(1e3<(r=parseInt(t.value,10))?r=1e3:~~r<200&&(r=200),s.height=r):\"link\"===t.message&&(r=new URL(s.getAttribute(\"src\")),n=new URL(t.value),c.test(n.protocol))&&n.host===r.host&&l.activeElement===s&&(d.top.location.href=t.value))}},d.addEventListener(\"message\",d.wp.receiveEmbedMessage,!1),l.addEventListener(\"DOMContentLoaded\",function(){for(var e,t,s=l.querySelectorAll(\"iframe.wp-embedded-content\"),r=0;r<s.length;r++)(t=(e=s[r]).getAttribute(\"data-secret\"))||(t=Math.random().toString(36).substring(2,12),e.src+=\"#?secret=\"+t,e.setAttribute(\"data-secret\",t)),e.contentWindow.postMessage({message:\"ready\",secret:t},\"*\")},!1)))}(window,document);\n\/* ]]> *\/\n<\/script>\n","thumbnail_url":"https:\/\/activacostablanca.com\/wp-content\/uploads\/2019\/05\/semana-santa-calpe.jpg","thumbnail_width":234,"thumbnail_height":200,"description":"La semaine de P\u00e2ques \u00e0 Calpe est devenu tr\u00e8s populaire pour les visiteurs au cours de la derni\u00e8re d\u00e9cennie! Il est non seulement suivi par les catholiques de partout dans la r\u00e9gion, il est devenu une attraction touristique, des milliers de visiteurs, de l&rsquo;Espagne int\u00e9rieure, mais aussi de partout dans le monde, va passer une [&hellip;]"}